{"id":23441,"date":"2021-07-21T13:11:33","date_gmt":"2021-07-21T11:11:33","guid":{"rendered":"https:\/\/www.mik-ce.si\/haeufig-gestellte-fragen\/"},"modified":"2021-08-27T14:05:38","modified_gmt":"2021-08-27T12:05:38","slug":"haeufig-gestellte-fragen","status":"publish","type":"page","link":"https:\/\/www.mik-ce.si\/de\/haeufig-gestellte-fragen\/","title":{"rendered":"H\u00e4ufig gestellte Fragen"},"content":{"rendered":"\n\n\t<section class=\"section\" id=\"section_1080637952\">\n\t\t<div class=\"section-bg fill\" >\n\t\t\t\t\t\t\t\t\t\n\t\t\t\n\n\t\t<\/div>\n\n\t\t\n\n\t\t<div class=\"section-content relative\">\n\t\t\t\n<div class=\"row\"  id=\"row-1766262529\">\n\n\t<div id=\"col-645612965\" class=\"col small-12 large-12\"  >\n\t\t\t\t<div class=\"col-inner\"  >\n\t\t\t\n\t\t\t\n<h1 class=\"liteHeadline\"><span style=\"font-size: 200%;\">H\u00e4ufig gestellte Fragen und Antworten<\/span><\/h1>\n\t\t<\/div>\n\t\t\t\t\t<\/div>\n\n\t\n\n\t<div id=\"col-1817176729\" class=\"col small-12 large-12\"  >\n\t\t\t\t<div class=\"col-inner\"  >\n\t\t\t\n\t\t\t\n<p>Um Ihnen den ersten Schritt zur richtigen Kaufentscheidung zu erleichtern, laden wir Sie ein, mit uns die grundlegenden Informationen und Antworten auf Ihre ersten Fragen durchzugehen. Der Rest wird einfacher, da Sie Ihre ersten W\u00fcnsche ausdr\u00fccken k\u00f6nnen, die wir dann in einem pers\u00f6nlichen Treffen mit unserem Verkaufspersonal noch ausweiten werden. Sie k\u00f6nnen uns auch unter <a href=\"mailto:faq@mik-ce.si\">faq@mik-ce.si<\/a> schreiben.<\/p>\n\t\t<\/div>\n\t\t\t\t\t<\/div>\n\n\t\n\n\t<div id=\"col-1466955713\" class=\"col medium-10 small-12 large-10\"  >\n\t\t\t\t<div class=\"col-inner\"  >\n\t\t\t\n\t\t\t\n<div class=\"accordion\">\n\t<div id=\"accordion-4269175724\" class=\"accordion-item\">\n\t\t<a id=\"accordion-4269175724-label\" class=\"accordion-title plain\" href=\"#accordion-item-wie-ist-das-verfahren-zur-einholung-eines-angebots?-wie-fange-ich-an?\" aria-expanded=\"false\" aria-controls=\"accordion-4269175724-content\">\n\t\t\t<button class=\"toggle\" aria-label=\"Umschalten\"><i class=\"icon-angle-down\" aria-hidden=\"true\"><\/i><\/button>\n\t\t\t<span>Wie ist das Verfahren zur Einholung eines Angebots? Wie fange ich an?<\/span>\n\t\t<\/a>\n\t\t<div id=\"accordion-4269175724-content\" class=\"accordion-inner\" aria-labelledby=\"accordion-4269175724-label\">\n\t\t\t\n<p>Nach einem Telefongespr\u00e4ch oder per elektronischer Anfrage haben Sie Ihren ersten Kontakt zu unserem Unternehmen aufgenommen.<\/p>\n<p>Um ein Angebot zu erhalten, f\u00fchren Sie ungef\u00e4hre Messungen der \u00d6ffnungen in Ihrem Geb\u00e4ude durch (messen Sie die \u00d6ffnung von Wand zu Wand).<\/p>\n<p>Sie k\u00f6nnen uns die Messdaten telefonisch, per E-Mail, \u00fcber das Internetformular (<a href=\"https:\/\/www.mik-ce.si\/oddajte-povprasevanje\/\" target=\"_blank\" rel=\"noopener noreferrer\">Angebotsanfrage<\/a>) uns zukommen lassen oder einen unserer Ausstellr\u00e4ume besuchen.<\/p>\n<p>Sie erhalten das erste informative Angebot, das f\u00fcr Sie vollkommen unverbindlich ist.<\/p>\n<p>Rufen Sie uns nach Erhalt des Angebots an oder wir rufen Sie an.<\/p>\n<p>Wenn Sie unser Angebot interessant finden, sendet Ihnen der ausgew\u00e4hlte Vertriebsmitarbeiter einen unserer Facharbeiter, der genaue Messungen durchf\u00fchrt.<\/p>\n\t\t<\/div>\n\t<\/div>\n\t\n\t<div id=\"accordion-1676406724\" class=\"accordion-item\">\n\t\t<a id=\"accordion-1676406724-label\" class=\"accordion-title plain\" href=\"#accordion-item-wie-lange-dauert-es-durchschnittlich-von-der-best\u00e4tigung-des-angebots-und-der-bestellung-bis-zur-ausf\u00fchrung?\" aria-expanded=\"false\" aria-controls=\"accordion-1676406724-content\">\n\t\t\t<button class=\"toggle\" aria-label=\"Umschalten\"><i class=\"icon-angle-down\" aria-hidden=\"true\"><\/i><\/button>\n\t\t\t<span>Wie lange dauert es durchschnittlich von der Best\u00e4tigung des Angebots und der Bestellung bis zur Ausf\u00fchrung?<\/span>\n\t\t<\/a>\n\t\t<div id=\"accordion-1676406724-content\" class=\"accordion-inner\" aria-labelledby=\"accordion-1676406724-label\">\n\t\t\t\n<p>Die Lieferzeit h\u00e4ngt von der Komplexit\u00e4t und des Umfangs der Bestellung ab: Die Produktion der standardm\u00e4\u00dfigen Bauelemente (Profi Wei\u00df \u2013 wei\u00df, PVC) von MIK dauert 3 bis 4 Wochen. Die Lieferfrist f\u00fcr nicht standardm\u00e4\u00dfige Produkte wird je nach Bedarf und F\u00e4higkeiten bestimmt. Wir bem\u00fchen uns immer, Ihre Bed\u00fcrfnisse und W\u00fcnsche zu erf\u00fcllen, und passen uns daher maximal an.<\/p>\n\t\t<\/div>\n\t<\/div>\n\t\n\t<div id=\"accordion-4078954106\" class=\"accordion-item\">\n\t\t<a id=\"accordion-4078954106-label\" class=\"accordion-title plain\" href=\"#accordion-item-welche-fenstersysteme-sind-die-meistverkauften-bei-mik?\" aria-expanded=\"false\" aria-controls=\"accordion-4078954106-content\">\n\t\t\t<button class=\"toggle\" aria-label=\"Umschalten\"><i class=\"icon-angle-down\" aria-hidden=\"true\"><\/i><\/button>\n\t\t\t<span>Welche Fenstersysteme sind die meistverkauften bei MIK?<\/span>\n\t\t<\/a>\n\t\t<div id=\"accordion-4078954106-content\" class=\"accordion-inner\" aria-labelledby=\"accordion-4078954106-label\">\n\t\t\t\n<p>Das meistverkaufte Fenstersystem bei MIK ist <a href=\"\/de\/pvc-fenster\/royal-line\/\" target=\"_blank\" rel=\"noopener noreferrer\">Royal Line<\/a>.<\/p>\n\t\t<\/div>\n\t<\/div>\n\t\n\t<div id=\"accordion-2385721583\" class=\"accordion-item\">\n\t\t<a id=\"accordion-2385721583-label\" class=\"accordion-title plain\" href=\"#accordion-item-wo-befinden-sich-unsere-ausstellr\u00e4ume?\" aria-expanded=\"false\" aria-controls=\"accordion-2385721583-content\">\n\t\t\t<button class=\"toggle\" aria-label=\"Umschalten\"><i class=\"icon-angle-down\" aria-hidden=\"true\"><\/i><\/button>\n\t\t\t<span>Wo befinden sich unsere Ausstellr\u00e4ume?<\/span>\n\t\t<\/a>\n\t\t<div id=\"accordion-2385721583-content\" class=\"accordion-inner\" aria-labelledby=\"accordion-2385721583-label\">\n\t\t\t\n<p>Die Standorte unserer Niederlassungen finden Sie <a href=\"\/de\/kontakt\/\" target=\"_blank\" rel=\"noopener\">hier<\/a>.<\/p>\n\t\t<\/div>\n\t<\/div>\n\t\n\t<div id=\"accordion-3905048673\" class=\"accordion-item\">\n\t\t<a id=\"accordion-3905048673-label\" class=\"accordion-title plain\" href=\"#accordion-item-wann-kann-ich-sie-an-ihrem-firmensitz-oder-in-ihren-niederlassungen-besuchen?\" aria-expanded=\"false\" aria-controls=\"accordion-3905048673-content\">\n\t\t\t<button class=\"toggle\" aria-label=\"Umschalten\"><i class=\"icon-angle-down\" aria-hidden=\"true\"><\/i><\/button>\n\t\t\t<span>Wann kann ich Sie an Ihrem Firmensitz oder in Ihren Niederlassungen besuchen?<\/span>\n\t\t<\/a>\n\t\t<div id=\"accordion-3905048673-content\" class=\"accordion-inner\" aria-labelledby=\"accordion-3905048673-label\">\n\t\t\t\n<p>Die \u00d6ffnungszeiten unserer Niederlassungen finden Sie <a href=\"https:\/\/www.mik-ce.si\/kontakt\/\" target=\"_blank\" rel=\"noopener noreferrer\">hier<\/a>.<\/p>\n\t\t<\/div>\n\t<\/div>\n\t\n\t<div id=\"accordion-3271133224\" class=\"accordion-item\">\n\t\t<a id=\"accordion-3271133224-label\" class=\"accordion-title plain\" href=\"#accordion-item-muss-ich-details-f\u00fcr-das-fachpersonal,-das-messungen-ausf\u00fchren-wird,-vorbereiten?\" aria-expanded=\"false\" aria-controls=\"accordion-3271133224-content\">\n\t\t\t<button class=\"toggle\" aria-label=\"Umschalten\"><i class=\"icon-angle-down\" aria-hidden=\"true\"><\/i><\/button>\n\t\t\t<span>Muss ich Details f\u00fcr das Fachpersonal, das Messungen ausf\u00fchren wird, vorbereiten?<\/span>\n\t\t<\/a>\n\t\t<div id=\"accordion-3271133224-content\" class=\"accordion-inner\" aria-labelledby=\"accordion-3271133224-label\">\n\t\t\t\n<p>Bei Neubauten ben\u00f6tigen wir ein \u201eWaagriss\u201c f\u00fcr die Vermessung und Grundrisse einzelner Etagen, bei Sanierungen jedoch keine Sonderangaben, da die technischen Details aus dem Objekt aus sichtbar sind.<\/p>\n\t\t<\/div>\n\t<\/div>\n\t\n\t<div id=\"accordion-775075044\" class=\"accordion-item\">\n\t\t<a id=\"accordion-775075044-label\" class=\"accordion-title plain\" href=\"#accordion-item-muss-ich-bei-der-montage-von-fenstern-in-einem-neubau-anwesend-sein?\" aria-expanded=\"false\" aria-controls=\"accordion-775075044-content\">\n\t\t\t<button class=\"toggle\" aria-label=\"Umschalten\"><i class=\"icon-angle-down\" aria-hidden=\"true\"><\/i><\/button>\n\t\t\t<span>Muss ich bei der Montage von Fenstern in einem Neubau anwesend sein?<\/span>\n\t\t<\/a>\n\t\t<div id=\"accordion-775075044-content\" class=\"accordion-inner\" aria-labelledby=\"accordion-775075044-label\">\n\t\t\t\n<p>Nicht unbedingt, es ist aber w\u00fcnschenswert.<\/p>\n\t\t<\/div>\n\t<\/div>\n\t\n\t<div id=\"accordion-693980546\" class=\"accordion-item\">\n\t\t<a id=\"accordion-693980546-label\" class=\"accordion-title plain\" href=\"#accordion-item-wie-lange-habe-ich,-um-eine-beschwerde-einzureichen?\" aria-expanded=\"false\" aria-controls=\"accordion-693980546-content\">\n\t\t\t<button class=\"toggle\" aria-label=\"Umschalten\"><i class=\"icon-angle-down\" aria-hidden=\"true\"><\/i><\/button>\n\t\t\t<span>Wie lange habe ich, um eine Beschwerde einzureichen?<\/span>\n\t\t<\/a>\n\t\t<div id=\"accordion-693980546-content\" class=\"accordion-inner\" aria-labelledby=\"accordion-693980546-label\">\n\t\t\t\n<p>Die Garantiefristen sind <a href=\"https:\/\/www.mik-ce.si\/de\/service-und-garantien\/#garancije\">hier<\/a> angegeben.<\/p>\n\t\t<\/div>\n\t<\/div>\n\t\n\t<div id=\"accordion-1792106485\" class=\"accordion-item\">\n\t\t<a id=\"accordion-1792106485-label\" class=\"accordion-title plain\" href=\"#accordion-item-was-sind-abstandshalter?\" aria-expanded=\"false\" aria-controls=\"accordion-1792106485-content\">\n\t\t\t<button class=\"toggle\" aria-label=\"Umschalten\"><i class=\"icon-angle-down\" aria-hidden=\"true\"><\/i><\/button>\n\t\t\t<span>Was sind Abstandshalter?<\/span>\n\t\t<\/a>\n\t\t<div id=\"accordion-1792106485-content\" class=\"accordion-inner\" aria-labelledby=\"accordion-1792106485-label\">\n\t\t\t\n<p>Der Abstandhalter zwischen den Scheiben ist ein Profil, welches die Scheiben trennt und an den Kanten des W\u00e4rmed\u00e4mmglases angebracht ist. Seine Grundfunktion besteht darin, einen gleichm\u00e4\u00dfigen Abstand zwischen den Scheiben zu erhalten, was verhindert, dass Gas aus dem Scheibenzwischenraum entweicht, und die Energieeffizienz zu verbessern.<\/p>\n\t\t<\/div>\n\t<\/div>\n\t\n\t<div id=\"accordion-1574957082\" class=\"accordion-item\">\n\t\t<a id=\"accordion-1574957082-label\" class=\"accordion-title plain\" href=\"#accordion-item-haben-sie-vielleicht-auch-holzfenster?\" aria-expanded=\"false\" aria-controls=\"accordion-1574957082-content\">\n\t\t\t<button class=\"toggle\" aria-label=\"Umschalten\"><i class=\"icon-angle-down\" aria-hidden=\"true\"><\/i><\/button>\n\t\t\t<span>Haben Sie vielleicht auch Holzfenster?<\/span>\n\t\t<\/a>\n\t\t<div id=\"accordion-1574957082-content\" class=\"accordion-inner\" aria-labelledby=\"accordion-1574957082-label\">\n\t\t\t\n<p>In unserem Angebot an Bauelementen gibt es <a href=\"https:\/\/www.mik-ce.si\/de\/holzfenster\/\" target=\"_blank\" rel=\"noopener noreferrer\">Holz-<\/a> und auch <a href=\"https:\/\/www.mik-ce.si\/de\/holz-alu-fenster\/\" target=\"_blank\" rel=\"noopener noreferrer\">HOLZ-ALU-Fenster<\/a>.<\/p>\n\t\t<\/div>\n\t<\/div>\n\t\n\t<div id=\"accordion-3107443077\" class=\"accordion-item\">\n\t\t<a id=\"accordion-3107443077-label\" class=\"accordion-title plain\" href=\"#accordion-item-wir-haben-uns-f\u00fcr-holzfenster-entschieden,-weil-sie-atmen,-oder?\" aria-expanded=\"false\" aria-controls=\"accordion-3107443077-content\">\n\t\t\t<button class=\"toggle\" aria-label=\"Umschalten\"><i class=\"icon-angle-down\" aria-hidden=\"true\"><\/i><\/button>\n\t\t\t<span>Wir haben uns f\u00fcr Holzfenster entschieden, weil sie atmen, oder?<\/span>\n\t\t<\/a>\n\t\t<div id=\"accordion-3107443077-content\" class=\"accordion-inner\" aria-labelledby=\"accordion-3107443077-label\">\n\t\t\t\n<p>Holzfenster atmen nicht, da moderne Herstellungstechnologie und hochwertiger Schutz mit dickschichtigen umweltfreundlichen Anstrichen die Langlebigkeit und Stabilit\u00e4t von Holzfenstern gew\u00e4hrleisten, die Holzoberfl\u00e4che wird aber vollkommen versiegelt.<\/p>\n\t\t<\/div>\n\t<\/div>\n\t\n\t<div id=\"accordion-4288169212\" class=\"accordion-item\">\n\t\t<a id=\"accordion-4288169212-label\" class=\"accordion-title plain\" href=\"#accordion-item-sie-bieten-nur-pvc-fenster,-nicht-wahr?\" aria-expanded=\"false\" aria-controls=\"accordion-4288169212-content\">\n\t\t\t<button class=\"toggle\" aria-label=\"Umschalten\"><i class=\"icon-angle-down\" aria-hidden=\"true\"><\/i><\/button>\n\t\t\t<span>Sie bieten nur PVC-Fenster, nicht wahr?<\/span>\n\t\t<\/a>\n\t\t<div id=\"accordion-4288169212-content\" class=\"accordion-inner\" aria-labelledby=\"accordion-4288169212-label\">\n\t\t\t\n<p>In unserem Angebot k\u00f6nnen Sie zwischen <a href=\"https:\/\/www.mik-ce.si\/de\/pvc-fenster\/\" target=\"_blank\" rel=\"noopener noreferrer\">PVC<\/a>, <a href=\"https:\/\/www.mik-ce.si\/de\/alu-fenster\/\" target=\"_blank\" rel=\"noopener noreferrer\">ALU<\/a>, <a href=\"https:\/\/www.mik-ce.si\/de\/holz-alu-fenster\/\" target=\"_blank\" rel=\"noopener noreferrer\">HOLZ-ALU<\/a> und Holzfenstern w\u00e4hlen.<\/p>\n\t\t<\/div>\n\t<\/div>\n\t\n\t<div id=\"accordion-1563226777\" class=\"accordion-item\">\n\t\t<a id=\"accordion-1563226777-label\" class=\"accordion-title plain\" href=\"#accordion-item-ist-die-ral-montage-wirklich-h\u00f6herwertig?\" aria-expanded=\"false\" aria-controls=\"accordion-1563226777-content\">\n\t\t\t<button class=\"toggle\" aria-label=\"Umschalten\"><i class=\"icon-angle-down\" aria-hidden=\"true\"><\/i><\/button>\n\t\t\t<span>Ist die RAL-Montage wirklich h\u00f6herwertig?<\/span>\n\t\t<\/a>\n\t\t<div id=\"accordion-1563226777-content\" class=\"accordion-inner\" aria-labelledby=\"accordion-1563226777-label\">\n\t\t\t\n<p>Die MIK RAL-Montage ist eine <strong>energieeffiziente Montage<\/strong>, die aufgrund ihrer spezifischen Merkmale die Reduzierung der W\u00e4rmeverluste gew\u00e4hrleistet. Die MIK RAL-Montage <strong>verhindert das Eindringen von Wasser in die Wand<\/strong> und damit die Bildung von Kondenswasser, das die D\u00e4mmeigenschaften des Fensters beeintr\u00e4chtigt.<\/p>\n\t\t<\/div>\n\t<\/div>\n\t\n\t<div id=\"accordion-252126094\" class=\"accordion-item\">\n\t\t<a id=\"accordion-252126094-label\" class=\"accordion-title plain\" href=\"#accordion-item-warum-sollte-ich-3-fach-verglasung-w\u00e4hlen,-wenn-die-2-fach-verglasung-genauso-gut-ist?\" aria-expanded=\"false\" aria-controls=\"accordion-252126094-content\">\n\t\t\t<button class=\"toggle\" aria-label=\"Umschalten\"><i class=\"icon-angle-down\" aria-hidden=\"true\"><\/i><\/button>\n\t\t\t<span>Warum sollte ich 3-fach-Verglasung w\u00e4hlen, wenn die 2-fach-Verglasung genauso gut ist?<\/span>\n\t\t<\/a>\n\t\t<div id=\"accordion-252126094-content\" class=\"accordion-inner\" aria-labelledby=\"accordion-252126094-label\">\n\t\t\t\n<p>Die Scheibe ist ein Element des Fensters, das den gr\u00f6\u00dften Einfluss auf die W\u00e4rme- und Schalld\u00e4mmung des Fensters hat, da sie mindestens 70\u00a0% der Gesamtfl\u00e4che des Fensters ausmacht. Die geeignete Wahl der Fensterverglasung bietet zus\u00e4tzliche Schall- und W\u00e4rmed\u00e4mmung sowie sch\u00fctzt vor Sonneneinstrahlung.<\/p>\n<p>Die W\u00e4rme- und Schalld\u00e4mmung eines Fensters wird von mehreren Faktoren beeinflusst, der wichtigste ist aber bestimmt die Anzahl der Scheiben, da sie den gr\u00f6\u00dften Einfluss auf die W\u00e4rmeleitf\u00e4higkeit des Fensters haben.<\/p>\n\t\t<\/div>\n\t<\/div>\n\t\n\t<div id=\"accordion-2548513726\" class=\"accordion-item\">\n\t\t<a id=\"accordion-2548513726-label\" class=\"accordion-title plain\" href=\"#accordion-item-k\u00f6nnen-wir-eine-zweifach-verglasung-w\u00e4hlen-oder-ist-nur-eine-dreifach-verglasung-verf\u00fcgbar?\" aria-expanded=\"false\" aria-controls=\"accordion-2548513726-content\">\n\t\t\t<button class=\"toggle\" aria-label=\"Umschalten\"><i class=\"icon-angle-down\" aria-hidden=\"true\"><\/i><\/button>\n\t\t\t<span>K\u00f6nnen wir eine Zweifach-Verglasung w\u00e4hlen oder ist nur eine Dreifach-Verglasung verf\u00fcgbar?<\/span>\n\t\t<\/a>\n\t\t<div id=\"accordion-2548513726-content\" class=\"accordion-inner\" aria-labelledby=\"accordion-2548513726-label\">\n\t\t\t\n<p>Bei MIK Celje k\u00f6nnen Sie zwischen Zwei- und Dreifach-Verglasung w\u00e4hlen. Aufgrund der besseren Schall- und W\u00e4rmed\u00e4mmung sowie langfristigen Einsparungen empfehlen wir unseren Kunden jedoch Dreifach-Verglasungen.<\/p>\n\t\t<\/div>\n\t<\/div>\n\t\n\t<div id=\"accordion-1614991965\" class=\"accordion-item\">\n\t\t<a id=\"accordion-1614991965-label\" class=\"accordion-title plain\" href=\"#accordion-item-warum-sind-die-neuen-fenster-kleiner-als-die-vorhandenen?\" aria-expanded=\"false\" aria-controls=\"accordion-1614991965-content\">\n\t\t\t<button class=\"toggle\" aria-label=\"Umschalten\"><i class=\"icon-angle-down\" aria-hidden=\"true\"><\/i><\/button>\n\t\t\t<span>Warum sind die neuen Fenster kleiner als die vorhandenen?<\/span>\n\t\t<\/a>\n\t\t<div id=\"accordion-1614991965-content\" class=\"accordion-inner\" aria-labelledby=\"accordion-1614991965-label\">\n\t\t\t\n<p>Beim Austausch von Fenstern bei einer Sanierung wird bei der Demontage der Bauelemente die Fensterlaibung besch\u00e4digt und muss vor dem Einbau der Fenster repariert werden. Es ist auch notwendig, Platz f\u00fcr den Einbau von Polyurethanschaum zu lassen, was am Ende etwa 10\u00a0cm betr\u00e4gt. Wir m\u00fcssen uns auch dar\u00fcber im Klaren sein, dass neue Fenster von besserer Qualit\u00e4t und daher breiter sind, was zus\u00e4tzlich etwas Platz verlangt. <\/p>\n\t\t<\/div>\n\t<\/div>\n\t\n\t<div id=\"accordion-3434212404\" class=\"accordion-item\">\n\t\t<a id=\"accordion-3434212404-label\" class=\"accordion-title plain\" href=\"#accordion-item-k\u00f6nnen-sie-mir-ein-angebot-f\u00fcr-standardfenster--und-t\u00fcrabmessungen-machen?\" aria-expanded=\"false\" aria-controls=\"accordion-3434212404-content\">\n\t\t\t<button class=\"toggle\" aria-label=\"Umschalten\"><i class=\"icon-angle-down\" aria-hidden=\"true\"><\/i><\/button>\n\t\t\t<span>K\u00f6nnen Sie mir ein Angebot f\u00fcr Standardfenster- und T\u00fcrabmessungen machen?<\/span>\n\t\t<\/a>\n\t\t<div id=\"accordion-3434212404-content\" class=\"accordion-inner\" aria-labelledby=\"accordion-3434212404-label\">\n\t\t\t\n<p>Jedes Angebot ist individuell und auf Ihr Geb\u00e4ude zugeschnitten.<\/p>\n\t\t<\/div>\n\t<\/div>\n\t\n\t<div id=\"accordion-401479525\" class=\"accordion-item\">\n\t\t<a id=\"accordion-401479525-label\" class=\"accordion-title plain\" href=\"#accordion-item-werden-pvc-fenster-mit-folie-gef\u00e4rbt?\" aria-expanded=\"false\" aria-controls=\"accordion-401479525-content\">\n\t\t\t<button class=\"toggle\" aria-label=\"Umschalten\"><i class=\"icon-angle-down\" aria-hidden=\"true\"><\/i><\/button>\n\t\t\t<span>Werden PVC-Fenster mit Folie gef\u00e4rbt?<\/span>\n\t\t<\/a>\n\t\t<div id=\"accordion-401479525-content\" class=\"accordion-inner\" aria-labelledby=\"accordion-401479525-label\">\n\t\t\t\n<p>Die PVC-Fenster von MIK in verschiedenen Farben bieten die M\u00f6glichkeit einer <strong>Acrylfarbe<\/strong>, welche <strong>die Lebensdauer Ihrer Fenster verl\u00e4ngert und gl\u00e4nzende Farben erh\u00e4lt<\/strong> sowie das Aussehen Ihres Hauses anreichert.<\/p>\n<p><strong>Die Acrylfarbe ist best\u00e4ndig gegen Besch\u00e4digungen, verl\u00e4ngert den Glanz von Farben und pellt nicht ab<\/strong> wie Farbfolie oder lackierte Fenster anderer Hersteller.<\/p>\n<p>Die Haltbarkeit und die gl\u00e4nzenden Farben der Acrylbeschichtung sind das Ergebnis einer <strong>speziellen \u201eKoextrusion\u201c<\/strong>, bei der die Molek\u00fcle der Acrylbeschichtung mit den Molek\u00fclen des PVC-Grundmaterials verbunden werden.<\/p>\n\t\t<\/div>\n\t<\/div>\n\t\n\t<div id=\"accordion-2622502553\" class=\"accordion-item\">\n\t\t<a id=\"accordion-2622502553-label\" class=\"accordion-title plain\" href=\"#accordion-item-warum-kann-ich-nicht-einfach-eine-montage-bestellen-\u2013-ohne-transport?\" aria-expanded=\"false\" aria-controls=\"accordion-2622502553-content\">\n\t\t\t<button class=\"toggle\" aria-label=\"Umschalten\"><i class=\"icon-angle-down\" aria-hidden=\"true\"><\/i><\/button>\n\t\t\t<span>Warum kann ich nicht einfach eine Montage bestellen \u2013 ohne Transport?<\/span>\n\t\t<\/a>\n\t\t<div id=\"accordion-2622502553-content\" class=\"accordion-inner\" aria-labelledby=\"accordion-2622502553-label\">\n\t\t\t\n<p>Der Kauf unserer Fenster beinhaltet auch den Transport, da wir keine Fenster f\u00fcr Sie installieren k\u00f6nnen, wenn wir diese nicht an Sie liefern.<\/p>\n\t\t<\/div>\n\t<\/div>\n\t\n\t<div id=\"accordion-3332740924\" class=\"accordion-item\">\n\t\t<a id=\"accordion-3332740924-label\" class=\"accordion-title plain\" href=\"#accordion-item-warum-brauchen-wir-integrierte-bel\u00fcftung,-wenn-wir-uns-um-diese-selbst-k\u00fcmmern?\" aria-expanded=\"false\" aria-controls=\"accordion-3332740924-content\">\n\t\t\t<button class=\"toggle\" aria-label=\"Umschalten\"><i class=\"icon-angle-down\" aria-hidden=\"true\"><\/i><\/button>\n\t\t\t<span>Warum brauchen wir integrierte Bel\u00fcftung, wenn wir uns um diese selbst k\u00fcmmern?<\/span>\n\t\t<\/a>\n\t\t<div id=\"accordion-3332740924-content\" class=\"accordion-inner\" aria-labelledby=\"accordion-3332740924-label\">\n\t\t\t\n<p>MIKrovent<sup>\u00ae<\/sup> f\u00fchrt Ihrem Wohnraum st\u00e4ndig frische Luft mit 100%igem Luftaustausch bei geschlossenen Fenstern zu und sorgt f\u00fcr bis zu 95\u00a0% W\u00e4rmeerhaltung bei der Bel\u00fcftung Ihres Wohnraums. Trotz der Bel\u00fcftung k\u00fchlen sich Ihre R\u00e4ume an k\u00e4lteren Tagen nicht ab und erw\u00e4rmen sich nicht im Sommer. Dadurch kann der Benutzer beim Heizen oder K\u00fchlen des Raums mehr Energie sparen.<\/p>\n\t\t<\/div>\n\t<\/div>\n\t\n<\/div>\n\t\t<\/div>\n\t\t\t\t\n<style>\n#col-1466955713 > .col-inner {\n  padding: 0px 0px 0px 0px;\n}\n@media (min-width:550px) {\n  #col-1466955713 > .col-inner {\n    padding: 0px 40px 0px 40px;\n  }\n}\n<\/style>\n\t<\/div>\n\n\t\n<\/div>\n\t\t<\/div>\n\n\t\t\n<style>\n#section_1080637952 {\n  padding-top: 30px;\n  padding-bottom: 30px;\n}\n<\/style>\n\t<\/section>\n\t\n","protected":false},"excerpt":{"rendered":"","protected":false},"author":5,"featured_media":0,"parent":0,"menu_order":42,"comment_status":"closed","ping_status":"closed","template":"page-blank.php","meta":{"_acf_changed":false,"footnotes":""},"class_list":["post-23441","page","type-page","status-publish","hentry"],"acf":[],"_links":{"self":[{"href":"https:\/\/www.mik-ce.si\/de\/wp-json\/wp\/v2\/pages\/23441","targetHints":{"allow":["GET"]}}],"collection":[{"href":"https:\/\/www.mik-ce.si\/de\/wp-json\/wp\/v2\/pages"}],"about":[{"href":"https:\/\/www.mik-ce.si\/de\/wp-json\/wp\/v2\/types\/page"}],"author":[{"embeddable":true,"href":"https:\/\/www.mik-ce.si\/de\/wp-json\/wp\/v2\/users\/5"}],"replies":[{"embeddable":true,"href":"https:\/\/www.mik-ce.si\/de\/wp-json\/wp\/v2\/comments?post=23441"}],"version-history":[{"count":0,"href":"https:\/\/www.mik-ce.si\/de\/wp-json\/wp\/v2\/pages\/23441\/revisions"}],"wp:attachment":[{"href":"https:\/\/www.mik-ce.si\/de\/wp-json\/wp\/v2\/media?parent=23441"}],"curies":[{"name":"wp","href":"https:\/\/api.w.org\/{rel}","templated":true}]}}